{"id":69,"date":"2025-10-16T12:07:45","date_gmt":"2025-10-16T15:07:45","guid":{"rendered":"http:\/\/web.inprolec.cl\/?page_id=69"},"modified":"2025-11-13T12:22:31","modified_gmt":"2025-11-13T15:22:31","slug":"i001_01","status":"publish","type":"page","link":"https:\/\/www.inprolec.cl\/","title":{"rendered":"I001_01"},"content":{"rendered":"\n<div class=\"wp-block-cb-carousel-v2 alignfull cb-carousel-block cb-single-slide\" data-cb-slides-per-view=\"1\" data-cb-slides-per-group=\"1\" data-cb-space-between=\"0\" data-cb-speed=\"300\" data-cb-navigation=\"true\" data-cb-pagination=\"true\" data-cb-loop=\"true\" data-cb-autoplay=\"true\" data-cb-autoplay-speed=\"3000\" data-cb-breakpoints=\"{&quot;768&quot;:{&quot;slidesPerView&quot;:1,&quot;slidesPerGroup&quot;:1}}\" id=\"inicio\"><div class=\"swiper\"><div class=\"cb-wrapper swiper-wrapper\">\n<div class=\"wp-block-cb-slide-v2 cb-slide swiper-slide\">\n<figure class=\"wp-block-image size-full\"><img fetchpriority=\"high\" decoding=\"async\" width=\"1944\" height=\"1050\" src=\"https:\/\/www.inprolec.cl\/wp-content\/uploads\/2025\/10\/01-eolicos.jpg\" alt=\"\" class=\"wp-image-8\" style=\"aspect-ratio:16\/9;object-fit:contain\" srcset=\"https:\/\/www.inprolec.cl\/wp-content\/uploads\/2025\/10\/01-eolicos.jpg 1944w, https:\/\/www.inprolec.cl\/wp-content\/uploads\/2025\/10\/01-eolicos-300x162.jpg 300w, https:\/\/www.inprolec.cl\/wp-content\/uploads\/2025\/10\/01-eolicos-1024x553.jpg 1024w, https:\/\/www.inprolec.cl\/wp-content\/uploads\/2025\/10\/01-eolicos-768x415.jpg 768w, https:\/\/www.inprolec.cl\/wp-content\/uploads\/2025\/10\/01-eolicos-1536x830.jpg 1536w, https:\/\/www.inprolec.cl\/wp-content\/uploads\/2025\/10\/01-eolicos-600x324.jpg 600w, https:\/\/www.inprolec.cl\/wp-content\/uploads\/2025\/10\/01-eolicos-1200x648.jpg 1200w\" sizes=\"(max-width: 1944px) 100vw, 1944px\" \/><\/figure>\n<\/div>\n\n\n\n<div class=\"wp-block-cb-slide-v2 cb-slide swiper-slide\">\n<figure class=\"wp-block-image size-full\"><img decoding=\"async\" width=\"1944\" height=\"1050\" src=\"https:\/\/www.inprolec.cl\/wp-content\/uploads\/2025\/10\/02-torres.jpg\" alt=\"\" class=\"wp-image-9\" style=\"aspect-ratio:16\/9;object-fit:contain\" srcset=\"https:\/\/www.inprolec.cl\/wp-content\/uploads\/2025\/10\/02-torres.jpg 1944w, https:\/\/www.inprolec.cl\/wp-content\/uploads\/2025\/10\/02-torres-300x162.jpg 300w, https:\/\/www.inprolec.cl\/wp-content\/uploads\/2025\/10\/02-torres-1024x553.jpg 1024w, https:\/\/www.inprolec.cl\/wp-content\/uploads\/2025\/10\/02-torres-768x415.jpg 768w, https:\/\/www.inprolec.cl\/wp-content\/uploads\/2025\/10\/02-torres-1536x830.jpg 1536w\" sizes=\"(max-width: 1944px) 100vw, 1944px\" \/><\/figure>\n<\/div>\n\n\n\n<div class=\"wp-block-cb-slide-v2 cb-slide swiper-slide\">\n<figure class=\"wp-block-image size-full\"><img decoding=\"async\" width=\"1944\" height=\"1050\" src=\"http:\/\/web.inprolec.cl\/wp-content\/uploads\/2025\/10\/03-subestacion.jpg\" alt=\"\" class=\"wp-image-10\" style=\"aspect-ratio:16\/9;object-fit:contain\" srcset=\"https:\/\/www.inprolec.cl\/wp-content\/uploads\/2025\/10\/03-subestacion.jpg 1944w, https:\/\/www.inprolec.cl\/wp-content\/uploads\/2025\/10\/03-subestacion-300x162.jpg 300w, https:\/\/www.inprolec.cl\/wp-content\/uploads\/2025\/10\/03-subestacion-1024x553.jpg 1024w, https:\/\/www.inprolec.cl\/wp-content\/uploads\/2025\/10\/03-subestacion-768x415.jpg 768w, https:\/\/www.inprolec.cl\/wp-content\/uploads\/2025\/10\/03-subestacion-1536x830.jpg 1536w, https:\/\/www.inprolec.cl\/wp-content\/uploads\/2025\/10\/03-subestacion-600x324.jpg 600w, https:\/\/www.inprolec.cl\/wp-content\/uploads\/2025\/10\/03-subestacion-1200x648.jpg 1200w\" sizes=\"(max-width: 1944px) 100vw, 1944px\" \/><\/figure>\n<\/div>\n\n\n\n<div class=\"wp-block-cb-slide-v2 cb-slide swiper-slide\">\n<figure class=\"wp-block-image size-full\"><img loading=\"lazy\" decoding=\"async\" width=\"1944\" height=\"1050\" src=\"http:\/\/web.inprolec.cl\/wp-content\/uploads\/2025\/10\/04-planta.jpg\" alt=\"\" class=\"wp-image-11\" style=\"aspect-ratio:16\/9;object-fit:contain\" srcset=\"https:\/\/www.inprolec.cl\/wp-content\/uploads\/2025\/10\/04-planta.jpg 1944w, https:\/\/www.inprolec.cl\/wp-content\/uploads\/2025\/10\/04-planta-300x162.jpg 300w, https:\/\/www.inprolec.cl\/wp-content\/uploads\/2025\/10\/04-planta-1024x553.jpg 1024w, https:\/\/www.inprolec.cl\/wp-content\/uploads\/2025\/10\/04-planta-768x415.jpg 768w, https:\/\/www.inprolec.cl\/wp-content\/uploads\/2025\/10\/04-planta-1536x830.jpg 1536w, https:\/\/www.inprolec.cl\/wp-content\/uploads\/2025\/10\/04-planta-600x324.jpg 600w, https:\/\/www.inprolec.cl\/wp-content\/uploads\/2025\/10\/04-planta-1200x648.jpg 1200w\" sizes=\"(max-width: 1944px) 100vw, 1944px\" \/><\/figure>\n<\/div>\n\n\n\n<div class=\"wp-block-cb-slide-v2 cb-slide swiper-slide\">\n<figure class=\"wp-block-image size-full\"><img loading=\"lazy\" decoding=\"async\" width=\"1944\" height=\"1050\" src=\"http:\/\/web.inprolec.cl\/wp-content\/uploads\/2025\/10\/05-Comisionamiento.jpg\" alt=\"\" class=\"wp-image-12\" style=\"aspect-ratio:16\/9;object-fit:contain\" srcset=\"https:\/\/www.inprolec.cl\/wp-content\/uploads\/2025\/10\/05-Comisionamiento.jpg 1944w, https:\/\/www.inprolec.cl\/wp-content\/uploads\/2025\/10\/05-Comisionamiento-300x162.jpg 300w, https:\/\/www.inprolec.cl\/wp-content\/uploads\/2025\/10\/05-Comisionamiento-1024x553.jpg 1024w, https:\/\/www.inprolec.cl\/wp-content\/uploads\/2025\/10\/05-Comisionamiento-768x415.jpg 768w, https:\/\/www.inprolec.cl\/wp-content\/uploads\/2025\/10\/05-Comisionamiento-1536x830.jpg 1536w\" sizes=\"(max-width: 1944px) 100vw, 1944px\" \/><\/figure>\n<\/div>\n<\/div><\/div><div class=\"cb-pagination swiper-pagination\"><\/div><div class=\"cb-button-prev swiper-button-prev\"><\/div><div class=\"cb-button-next swiper-button-next\"><\/div><\/div>\n\n\n\n<div class=\"wp-block-group alignfull has-white-background-color has-background has-global-padding is-layout-constrained wp-block-group-is-layout-constrained\" id=\"QuienesSomos\">\n<div style=\"height:var(--wp--preset--spacing--small)\" aria-hidden=\"true\" class=\"wp-block-spacer\"><\/div>\n\n\n\n<h1 class=\"wp-block-heading has-text-align-center\">Quienes Somos<\/h1>\n\n\n\n<blockquote class=\"wp-block-quote alignwide has-text-align-center is-style-default is-layout-flow wp-block-quote-is-layout-flow\" style=\"margin-top:0;margin-bottom:0;padding-top:0;padding-bottom:0\">\n<p>Somos una empresa que desarrolla soluciones integrales orientadas a satisfacer las necesidades del mercado el\u00e9ctrico en Chile. Contamos con una amplia trayectoria en el desarrollo de proyectos para la industria, que se inician en la etapa de ingenier\u00eda, pasando por equipamiento, construcci\u00f3n, comisionamiento, puesta en servicio, operaci\u00f3n y mantenimiento de proyectos el\u00e9ctricos. Nuestra compa\u00f1\u00eda pertenece al Grupo INGELEC (TIG) que tiene m\u00e1s de 28 a\u00f1os de experiencia en el desarrollo de soluciones globales para la industria el\u00e9ctrica, en Chile, Argentina, Brasil y Bolivia.<\/p>\n<\/blockquote>\n\n\n\n<div class=\"wp-block-buttons is-vertical is-content-justification-center is-layout-flex wp-container-core-buttons-is-layout-c0ee4be7 wp-block-buttons-is-layout-flex\">\n<div class=\"wp-block-button\"><a class=\"wp-block-button__link has-primary-color has-secondary-background-color has-text-color has-background has-link-color wp-element-button\" href=\"http:\/\/web.inprolec.cl\/?page_id=433\" style=\"border-radius:20px;border-top-color:var(--wp--preset--color--lightgrey);border-top-style:none;border-top-width:0px;border-right-color:var(--wp--preset--color--tertiary);border-right-style:none;border-right-width:0px;border-bottom-color:var(--wp--preset--color--tertiary);border-bottom-style:none;border-bottom-width:0px;border-left-color:var(--wp--preset--color--lightgrey);border-left-style:none;border-left-width:0px;box-shadow:var(--wp--preset--shadow--sharp)\">Filosof\u00eda Corporativa<\/a><\/div>\n\n\n\n<div class=\"wp-block-button\"><a class=\"wp-block-button__link has-primary-color has-secondary-background-color has-text-color has-background has-link-color wp-element-button\" href=\"http:\/\/web.inprolec.cl\/?page_id=517\" style=\"border-radius:20px;border-top-color:var(--wp--preset--color--lightgrey);border-top-style:none;border-top-width:0px;border-right-color:var(--wp--preset--color--tertiary);border-right-style:none;border-right-width:0px;border-bottom-color:var(--wp--preset--color--tertiary);border-bottom-style:none;border-bottom-width:0px;border-left-color:var(--wp--preset--color--lightgrey);border-left-style:none;border-left-width:0px;box-shadow:var(--wp--preset--shadow--sharp)\">Sistema Integrado de Gesti\u00f3n<\/a><\/div>\n<\/div>\n<\/div>\n\n\n\n<div style=\"background-image:url(&apos;http:\/\/web.inprolec.cl\/wp-content\/uploads\/2025\/10\/02-torres.jpg&apos;);background-size:cover;background-attachment:fixed;\" class=\"wp-block-group alignfull has-lightgrey-background-color has-background has-global-padding is-layout-constrained wp-block-group-is-layout-constrained\" id=\"Servicios\">\n<div style=\"height:var(--wp--preset--spacing--small)\" aria-hidden=\"true\" class=\"wp-block-spacer\"><\/div>\n\n\n\n<h1 class=\"wp-block-heading has-text-align-center\">Servicios<\/h1>\n\n\n\n<p class=\"has-text-align-center has-background-background-color has-background\" style=\"border-width:2px;border-radius:20px\">Chile camina con paso firme hacia el desarrollo y constituye una prioridad el crecimiento de sus recursos energ\u00e9ticos de la mano de iniciativas sustentables que contribuyan a abastecer de energ\u00eda a su extenso territorio y a preservar el medio ambiente. Hoy hacemos nuestro ese desaf\u00edo, porque podemos afirmar que somos una empresa consolidada, con capacidad de enfrentar esos requerimientos desde numerosos frentes:<\/p>\n\n\n\n<div style=\"height:var(--wp--preset--spacing--small)\" aria-hidden=\"true\" class=\"wp-block-spacer\"><\/div>\n\n\n\n<div class=\"wp-block-group has-medium-font-size is-layout-grid wp-container-core-group-is-layout-b8a38f74 wp-block-group-is-layout-grid\" style=\"margin-top:0;margin-bottom:0\">\n<div class=\"wp-block-group is-layout-flow wp-container-core-group-is-layout-3cab8f7e wp-block-group-is-layout-flow\">\n<figure class=\"wp-block-image size-large has-custom-border\"><img loading=\"lazy\" decoding=\"async\" width=\"1024\" height=\"735\" src=\"http:\/\/web.inprolec.cl\/wp-content\/uploads\/2025\/10\/Servicios_06-1024x735.jpg\" alt=\"\" class=\"wp-image-219\" style=\"border-radius:20px;box-shadow:var(--wp--preset--shadow--sharp);aspect-ratio:16\/9;object-fit:cover\" srcset=\"https:\/\/www.inprolec.cl\/wp-content\/uploads\/2025\/10\/Servicios_06-1024x735.jpg 1024w, https:\/\/www.inprolec.cl\/wp-content\/uploads\/2025\/10\/Servicios_06-300x215.jpg 300w, https:\/\/www.inprolec.cl\/wp-content\/uploads\/2025\/10\/Servicios_06.jpg 1451w\" sizes=\"(max-width: 1024px) 100vw, 1024px\" \/><\/figure>\n\n\n\n<div class=\"wp-block-buttons is-content-justification-center is-layout-flex wp-container-core-buttons-is-layout-a89b3969 wp-block-buttons-is-layout-flex\">\n<div class=\"wp-block-button has-custom-width wp-block-button__width-75 is-style-fill\"><a class=\"wp-block-button__link has-primary-color has-secondary-background-color has-text-color has-background has-link-color has-small-font-size has-custom-font-size wp-element-button\" href=\"\/?page_id=717\" style=\"border-radius:20px;box-shadow:var(--wp--preset--shadow--sharp)\"><strong>INGENIER\u00cdA<\/strong><\/a><\/div>\n<\/div>\n<\/div>\n\n\n\n<div class=\"wp-block-group is-layout-flow wp-container-core-group-is-layout-3cab8f7e wp-block-group-is-layout-flow\">\n<figure class=\"wp-block-image size-large has-custom-border\"><img loading=\"lazy\" decoding=\"async\" width=\"1024\" height=\"768\" src=\"http:\/\/web.inprolec.cl\/wp-content\/uploads\/2025\/10\/Servicios_07-1024x768.jpg\" alt=\"\" class=\"wp-image-222\" style=\"border-radius:20px;box-shadow:var(--wp--preset--shadow--sharp);aspect-ratio:16\/9;object-fit:cover\" srcset=\"https:\/\/www.inprolec.cl\/wp-content\/uploads\/2025\/10\/Servicios_07-1024x768.jpg 1024w, https:\/\/www.inprolec.cl\/wp-content\/uploads\/2025\/10\/Servicios_07-300x225.jpg 300w, https:\/\/www.inprolec.cl\/wp-content\/uploads\/2025\/10\/Servicios_07-1536x1152.jpg 1536w, https:\/\/www.inprolec.cl\/wp-content\/uploads\/2025\/10\/Servicios_07-600x450.jpg 600w, https:\/\/www.inprolec.cl\/wp-content\/uploads\/2025\/10\/Servicios_07-1200x900.jpg 1200w, https:\/\/www.inprolec.cl\/wp-content\/uploads\/2025\/10\/Servicios_07.jpg 1600w\" sizes=\"(max-width: 1024px) 100vw, 1024px\" \/><\/figure>\n\n\n\n<div class=\"wp-block-buttons is-content-justification-center is-layout-flex wp-container-core-buttons-is-layout-a89b3969 wp-block-buttons-is-layout-flex\">\n<div class=\"wp-block-button has-custom-width wp-block-button__width-75 is-style-fill\"><a class=\"wp-block-button__link has-primary-color has-secondary-background-color has-text-color has-background has-link-color has-small-font-size has-custom-font-size wp-element-button\" style=\"border-radius:20px;box-shadow:var(--wp--preset--shadow--sharp)\"><strong>SUMINISTRO DE EQUIPOS<\/strong><\/a><\/div>\n<\/div>\n<\/div>\n\n\n\n<div class=\"wp-block-group is-layout-flow wp-container-core-group-is-layout-3cab8f7e wp-block-group-is-layout-flow\">\n<figure class=\"wp-block-image size-large has-custom-border\"><img loading=\"lazy\" decoding=\"async\" width=\"1024\" height=\"576\" src=\"http:\/\/web.inprolec.cl\/wp-content\/uploads\/2025\/10\/Servicios_04a-1024x576.jpg\" alt=\"\" class=\"wp-image-211\" style=\"border-radius:20px;box-shadow:var(--wp--preset--shadow--sharp);aspect-ratio:16\/9;object-fit:cover\" srcset=\"https:\/\/www.inprolec.cl\/wp-content\/uploads\/2025\/10\/Servicios_04a-1024x576.jpg 1024w, https:\/\/www.inprolec.cl\/wp-content\/uploads\/2025\/10\/Servicios_04a-300x169.jpg 300w, https:\/\/www.inprolec.cl\/wp-content\/uploads\/2025\/10\/Servicios_04a-2000x1125.jpg 2000w\" sizes=\"(max-width: 1024px) 100vw, 1024px\" \/><\/figure>\n\n\n\n<div class=\"wp-block-buttons is-content-justification-center is-layout-flex wp-container-core-buttons-is-layout-a89b3969 wp-block-buttons-is-layout-flex\">\n<div class=\"wp-block-button has-custom-width wp-block-button__width-75 is-style-fill\"><a class=\"wp-block-button__link has-primary-color has-secondary-background-color has-text-color has-background has-link-color has-small-font-size has-custom-font-size wp-element-button\" style=\"border-radius:20px;box-shadow:var(--wp--preset--shadow--sharp)\"><strong>CONSTRUCCI\u00d3N Y MONTAJE<\/strong><\/a><\/div>\n<\/div>\n<\/div>\n<\/div>\n\n\n\n<div class=\"wp-block-group is-layout-grid wp-container-core-group-is-layout-211d2e0c wp-block-group-is-layout-grid\">\n<div class=\"wp-block-group is-layout-flow wp-container-core-group-is-layout-3cab8f7e wp-block-group-is-layout-flow\">\n<figure class=\"wp-block-image size-large has-custom-border\"><img loading=\"lazy\" decoding=\"async\" width=\"1024\" height=\"576\" src=\"http:\/\/web.inprolec.cl\/wp-content\/uploads\/2025\/10\/Servicios_01-edited-1024x576.jpg\" alt=\"\" class=\"wp-image-212\" style=\"border-radius:20px;box-shadow:var(--wp--preset--shadow--sharp);aspect-ratio:16\/9;object-fit:cover\" srcset=\"https:\/\/www.inprolec.cl\/wp-content\/uploads\/2025\/10\/Servicios_01-edited-1024x576.jpg 1024w, https:\/\/www.inprolec.cl\/wp-content\/uploads\/2025\/10\/Servicios_01-edited-300x169.jpg 300w, https:\/\/www.inprolec.cl\/wp-content\/uploads\/2025\/10\/Servicios_01-edited-2000x1125.jpg 2000w\" sizes=\"(max-width: 1024px) 100vw, 1024px\" \/><\/figure>\n\n\n\n<div class=\"wp-block-buttons is-content-justification-center is-layout-flex wp-container-core-buttons-is-layout-a89b3969 wp-block-buttons-is-layout-flex\">\n<div class=\"wp-block-button has-custom-width wp-block-button__width-75 is-style-fill\"><a class=\"wp-block-button__link has-primary-color has-secondary-background-color has-text-color has-background has-link-color has-small-font-size has-custom-font-size wp-element-button\" style=\"border-radius:20px;box-shadow:var(--wp--preset--shadow--sharp)\"><strong>PRUEBAS, COMISIONAMIENTO Y PUESTA EN SERVICIO<\/strong><\/a><\/div>\n<\/div>\n<\/div>\n\n\n\n<div class=\"wp-block-group is-layout-flow wp-container-core-group-is-layout-3cab8f7e wp-block-group-is-layout-flow\">\n<figure class=\"wp-block-image size-large has-custom-border\"><img loading=\"lazy\" decoding=\"async\" width=\"1024\" height=\"683\" src=\"http:\/\/web.inprolec.cl\/wp-content\/uploads\/2025\/10\/Servicios_05-1024x683.jpg\" alt=\"\" class=\"wp-image-214\" style=\"border-radius:20px;box-shadow:var(--wp--preset--shadow--sharp);aspect-ratio:16\/9;object-fit:cover\" srcset=\"https:\/\/www.inprolec.cl\/wp-content\/uploads\/2025\/10\/Servicios_05-1024x683.jpg 1024w, https:\/\/www.inprolec.cl\/wp-content\/uploads\/2025\/10\/Servicios_05-300x200.jpg 300w, https:\/\/www.inprolec.cl\/wp-content\/uploads\/2025\/10\/Servicios_05-2000x1333.jpg 2000w, https:\/\/www.inprolec.cl\/wp-content\/uploads\/2025\/10\/Servicios_05-600x400.jpg 600w, https:\/\/www.inprolec.cl\/wp-content\/uploads\/2025\/10\/Servicios_05-1200x800.jpg 1200w, https:\/\/www.inprolec.cl\/wp-content\/uploads\/2025\/10\/Servicios_05.jpg 2048w\" sizes=\"(max-width: 1024px) 100vw, 1024px\" \/><\/figure>\n\n\n\n<div class=\"wp-block-buttons is-content-justification-center is-layout-flex wp-container-core-buttons-is-layout-a89b3969 wp-block-buttons-is-layout-flex\">\n<div class=\"wp-block-button has-custom-width wp-block-button__width-75 is-style-fill\"><a class=\"wp-block-button__link has-foreground-color has-secondary-background-color has-text-color has-background has-link-color has-small-font-size has-custom-font-size wp-element-button\" style=\"border-radius:20px;box-shadow:var(--wp--preset--shadow--sharp)\"><strong>OPERACI\u00d3N Y MANTENIMIENTO<\/strong><\/a><\/div>\n<\/div>\n<\/div>\n\n\n\n<div class=\"wp-block-group is-layout-flow wp-container-core-group-is-layout-3cab8f7e wp-block-group-is-layout-flow\">\n<figure class=\"wp-block-image size-full has-custom-border\"><img loading=\"lazy\" decoding=\"async\" width=\"640\" height=\"480\" src=\"http:\/\/web.inprolec.cl\/wp-content\/uploads\/2025\/10\/Servicios_08.jpg\" alt=\"\" class=\"wp-image-224\" style=\"border-radius:20px;box-shadow:var(--wp--preset--shadow--sharp);aspect-ratio:16\/9;object-fit:cover\" srcset=\"https:\/\/www.inprolec.cl\/wp-content\/uploads\/2025\/10\/Servicios_08.jpg 640w, https:\/\/www.inprolec.cl\/wp-content\/uploads\/2025\/10\/Servicios_08-300x225.jpg 300w, https:\/\/www.inprolec.cl\/wp-content\/uploads\/2025\/10\/Servicios_08-600x450.jpg 600w\" sizes=\"(max-width: 640px) 100vw, 640px\" \/><\/figure>\n\n\n\n<div class=\"wp-block-buttons is-content-justification-center is-layout-flex wp-container-core-buttons-is-layout-a89b3969 wp-block-buttons-is-layout-flex\">\n<div class=\"wp-block-button has-custom-width wp-block-button__width-75 is-style-fill\"><a class=\"wp-block-button__link has-foreground-color has-secondary-background-color has-text-color has-background has-link-color has-small-font-size has-custom-font-size wp-element-button\" style=\"border-radius:20px;box-shadow:var(--wp--preset--shadow--sharp)\"><strong>INSPECCI\u00d3N T\u00c9CNICA<\/strong><\/a><\/div>\n<\/div>\n<\/div>\n<\/div>\n\n\n\n<div class=\"wp-block-group is-layout-grid wp-container-core-group-is-layout-ff3d376b wp-block-group-is-layout-grid\">\n<div class=\"wp-block-group has-global-padding is-layout-constrained wp-block-group-is-layout-constrained\"><\/div>\n\n\n\n<div class=\"wp-block-group is-layout-flow wp-container-core-group-is-layout-13b96724 wp-block-group-is-layout-flow\" style=\"margin-top:0;margin-bottom:0;padding-top:0;padding-bottom:0\"><\/div>\n\n\n\n<div class=\"wp-block-group has-global-padding is-layout-constrained wp-block-group-is-layout-constrained\"><\/div>\n<\/div>\n<\/div>\n\n\n\n<div id=\"Experiencia\" class=\"wp-block-group has-primary-background-color has-background has-global-padding is-layout-constrained wp-block-group-is-layout-constrained\">\n<div class=\"wp-block-group alignwide has-white-color has-text-color has-link-color wp-elements-02ef4a509554d4ba2b631d4b4c543320 has-global-padding is-layout-constrained wp-block-group-is-layout-constrained\" style=\"border-style:none;border-width:0px;border-radius:0px\">\n<h1 class=\"wp-block-heading has-text-align-center has-white-color has-text-color has-link-color wp-elements-8cb78d24dfa3a5c01baf8e2d1cc0a76c\">Proyectos<\/h1>\n\n\n<div class=\"wpzoom-blocks wpzoom-blocks_portfolio-block wpzoom-portfolio-block-69f5f3c4acd14 alignwide layout-grid columns-3 post_type-portfolio_item category-18 category-15 category-11 category-19 category-17 category-16 category-20 wp-block-wpzoom-blocks-portfolio\" data-offset=\"6\" data-load-more='{\"categories\":[\"18\",\"15\",\"11\",\"19\",\"17\",\"16\",\"20\"],\"class\":\"wpzoom-blocks_portfolio-block\",\"layout\":\"grid\",\"lightbox\":false,\"lightbox_caption\":false,\"order\":\"desc\",\"order_by\":\"date\",\"per_page\":6,\"read_more_label\":\"Read More\",\"show_author\":true,\"show_background_video\":true,\"show_date\":true,\"show_excerpt\":true,\"show_read_more\":true,\"show_thumbnail\":true,\"show_title\":true,\"source\":\"portfolio_item\",\"thumbnail_size\":\"portfolio_item-thumbnail\",\"total\":11}'><div class=\"wpzoom-blocks wpzoom-blocks_portfolio-block_filter\"><ul><li class=\"cat-item-all current-cat\">\n\t\t\t\t<a href=\"https:\/\/www.inprolec.cl\/?post_type=portfolio_item\" class=\"wpz-portfolio-filter_link\">All<\/a>\n\t\t\t<\/li>\t<li class=\"cat-item cat-item-18 cat-posts-total-5 wpz-block-button\"><a href=\"https:\/\/www.inprolec.cl\/?portfolio=ingenieriabasicaydedetalle\" class=\"wpz-portfolio-filter__link\">Ingenieria B\u00e1sica y de Detalle<\/a>\n<\/li>\n\t<li class=\"cat-item cat-item-15 cat-posts-total-1 wpz-block-button\"><a href=\"https:\/\/www.inprolec.cl\/?portfolio=lineasdedistribucion\" class=\"wpz-portfolio-filter__link\">L\u00edneas de Distribuci\u00f3n<\/a>\n<\/li>\n\t<li class=\"cat-item cat-item-11 cat-posts-total-6 wpz-block-button\"><a href=\"https:\/\/www.inprolec.cl\/?portfolio=lineasdetransmision\" class=\"wpz-portfolio-filter__link\">L\u00edneas de Transmisi\u00f3n<\/a>\n<\/li>\n\t<li class=\"cat-item cat-item-19 cat-posts-total-3 wpz-block-button\"><a href=\"https:\/\/www.inprolec.cl\/?portfolio=montajeeinstrumentacion\" class=\"wpz-portfolio-filter__link\">Montaje e Instrumentaci\u00f3n<\/a>\n<\/li>\n\t<li class=\"cat-item cat-item-17 cat-posts-total-1 wpz-block-button\"><a href=\"https:\/\/www.inprolec.cl\/?portfolio=plantasdegeneracion\" class=\"wpz-portfolio-filter__link\">Plantas de Generaci\u00f3n<\/a>\n<\/li>\n\t<li class=\"cat-item cat-item-16 cat-posts-total-2 wpz-block-button\"><a href=\"https:\/\/www.inprolec.cl\/?portfolio=subestaciones\" class=\"wpz-portfolio-filter__link\">Subestaciones<\/a>\n<\/li>\n\t<li class=\"cat-item cat-item-20 cat-posts-total-5 wpz-block-button\"><a href=\"https:\/\/www.inprolec.cl\/?portfolio=suministrodeequipos\" class=\"wpz-portfolio-filter__link\">Suministro de Equipos<\/a>\n<\/li>\n<\/ul><\/div><ul class=\"wpzoom-blocks wpzoom-blocks_portfolio-block_items-list\"><li class='wpzoom-blocks_portfolio-block_item wpzoom-blocks_portfolio-block_item-378 wpzoom-blocks_portfolio-block_category-18 wpzoom-blocks_portfolio-block_category-11 wpzoom-blocks_portfolio-block_category-16 wpzoom-blocks_portfolio-block_category-20 has-cover'  data-category='18'><article class='wpzoom-blocks_portfolio-block_item-wrap portfolio_item'><div class='wpzoom-blocks_portfolio-block_item-thumbnail'>\n\t\t\t\t\t\t<div class='wpzoom-blocks_portfolio-block_item-media'>\n\t\t\t\t\t\t\t<a href='https:\/\/www.inprolec.cl\/?portfolio_item=sistema-electrico-pascua-lama-construccion' title='Sistema El\u00e9ctrico Pascua Lama (Construcci\u00f3n)' rel='bookmark'><img loading=\"lazy\" decoding=\"async\" width=\"600\" height=\"400\" src=\"https:\/\/www.inprolec.cl\/wp-content\/uploads\/2025\/10\/LT_PascuaLama_01-600x400.jpg\" class=\"attachment-portfolio_item-thumbnail size-portfolio_item-thumbnail wp-post-image\" alt=\"\" srcset=\"https:\/\/www.inprolec.cl\/wp-content\/uploads\/2025\/10\/LT_PascuaLama_01-600x400.jpg 600w, https:\/\/www.inprolec.cl\/wp-content\/uploads\/2025\/10\/LT_PascuaLama_01-1200x800.jpg 1200w\" sizes=\"100vw\" \/><\/a>\n\t\t\t\t\t\t<\/div><div class=\"portfolio-block-entry-thumbnail-popover-content\" data-show-caption=\"\"><span class=\"portfolio_item-title\" style=\"display: none;\"><a href=\"https:\/\/www.inprolec.cl\/?portfolio_item=sistema-electrico-pascua-lama-construccion\" title=\"Sistema El\u00e9ctrico Pascua Lama (Construcci\u00f3n)\">Sistema El\u00e9ctrico Pascua Lama (Construcci\u00f3n)<\/a><\/span><\/div><\/div><div class='wpzoom-blocks_portfolio-block_item-details show-title'><h3 class='wpzoom-blocks_portfolio-block_item-title'><a href='https:\/\/www.inprolec.cl\/?portfolio_item=sistema-electrico-pascua-lama-construccion' title='Sistema El\u00e9ctrico Pascua Lama (Construcci\u00f3n)' rel='bookmark'>Sistema El\u00e9ctrico Pascua Lama (Construcci\u00f3n)<\/a><\/h3><\/div><\/article><\/li><li class='wpzoom-blocks_portfolio-block_item wpzoom-blocks_portfolio-block_item-376 wpzoom-blocks_portfolio-block_category-18 wpzoom-blocks_portfolio-block_category-19 wpzoom-blocks_portfolio-block_category-17 wpzoom-blocks_portfolio-block_category-20 has-cover'  data-category='18'><article class='wpzoom-blocks_portfolio-block_item-wrap portfolio_item'><div class='wpzoom-blocks_portfolio-block_item-thumbnail'>\n\t\t\t\t\t\t<div class='wpzoom-blocks_portfolio-block_item-media'>\n\t\t\t\t\t\t\t<a href='https:\/\/www.inprolec.cl\/?portfolio_item=epc-parque-eolico-punta-colorada' title='EPC Parque E\u00f3lico Punta Colorada' rel='bookmark'><img loading=\"lazy\" decoding=\"async\" width=\"600\" height=\"400\" src=\"https:\/\/www.inprolec.cl\/wp-content\/uploads\/2025\/10\/PE_PuntaColorada_03-600x400.jpg\" class=\"attachment-portfolio_item-thumbnail size-portfolio_item-thumbnail wp-post-image\" alt=\"\" srcset=\"https:\/\/www.inprolec.cl\/wp-content\/uploads\/2025\/10\/PE_PuntaColorada_03-600x400.jpg 600w, https:\/\/www.inprolec.cl\/wp-content\/uploads\/2025\/10\/PE_PuntaColorada_03-1200x800.jpg 1200w\" sizes=\"100vw\" \/><\/a>\n\t\t\t\t\t\t<\/div><div class=\"portfolio-block-entry-thumbnail-popover-content\" data-show-caption=\"\"><span class=\"portfolio_item-title\" style=\"display: none;\"><a href=\"https:\/\/www.inprolec.cl\/?portfolio_item=epc-parque-eolico-punta-colorada\" title=\"EPC Parque E\u00f3lico Punta Colorada\">EPC Parque E\u00f3lico Punta Colorada<\/a><\/span><\/div><\/div><div class='wpzoom-blocks_portfolio-block_item-details show-title'><h3 class='wpzoom-blocks_portfolio-block_item-title'><a href='https:\/\/www.inprolec.cl\/?portfolio_item=epc-parque-eolico-punta-colorada' title='EPC Parque E\u00f3lico Punta Colorada' rel='bookmark'>EPC Parque E\u00f3lico Punta Colorada<\/a><\/h3><\/div><\/article><\/li><li class='wpzoom-blocks_portfolio-block_item wpzoom-blocks_portfolio-block_item-374 wpzoom-blocks_portfolio-block_category-15 wpzoom-blocks_portfolio-block_category-11 wpzoom-blocks_portfolio-block_category-19 has-cover'  data-category='15'><article class='wpzoom-blocks_portfolio-block_item-wrap portfolio_item'><div class='wpzoom-blocks_portfolio-block_item-thumbnail'>\n\t\t\t\t\t\t<div class='wpzoom-blocks_portfolio-block_item-media'>\n\t\t\t\t\t\t\t<a href='https:\/\/www.inprolec.cl\/?portfolio_item=normalizacion-construccion-y-habilitacion-de-linea-de-faenas-sector-el-alamo' title='Normalizaci\u00f3n, Construcci\u00f3n y Habilitaci\u00f3n de L\u00ednea de Faenas Sector El \u00c1lamo' rel='bookmark'><img loading=\"lazy\" decoding=\"async\" width=\"600\" height=\"400\" src=\"https:\/\/www.inprolec.cl\/wp-content\/uploads\/2025\/10\/ElAlamo_06-600x400.jpg\" class=\"attachment-portfolio_item-thumbnail size-portfolio_item-thumbnail wp-post-image\" alt=\"\" srcset=\"https:\/\/www.inprolec.cl\/wp-content\/uploads\/2025\/10\/ElAlamo_06-600x400.jpg 600w, https:\/\/www.inprolec.cl\/wp-content\/uploads\/2025\/10\/ElAlamo_06-1200x800.jpg 1200w\" sizes=\"100vw\" \/><\/a>\n\t\t\t\t\t\t<\/div><div class=\"portfolio-block-entry-thumbnail-popover-content\" data-show-caption=\"\"><span class=\"portfolio_item-title\" style=\"display: none;\"><a href=\"https:\/\/www.inprolec.cl\/?portfolio_item=normalizacion-construccion-y-habilitacion-de-linea-de-faenas-sector-el-alamo\" title=\"Normalizaci\u00f3n, Construcci\u00f3n y Habilitaci\u00f3n de L\u00ednea de Faenas Sector El \u00c1lamo\">Normalizaci\u00f3n, Construcci\u00f3n y Habilitaci\u00f3n de L\u00ednea de Faenas Sector El \u00c1lamo<\/a><\/span><\/div><\/div><div class='wpzoom-blocks_portfolio-block_item-details show-title'><h3 class='wpzoom-blocks_portfolio-block_item-title'><a href='https:\/\/www.inprolec.cl\/?portfolio_item=normalizacion-construccion-y-habilitacion-de-linea-de-faenas-sector-el-alamo' title='Normalizaci\u00f3n, Construcci\u00f3n y Habilitaci\u00f3n de L\u00ednea de Faenas Sector El \u00c1lamo' rel='bookmark'>Normalizaci\u00f3n, Construcci\u00f3n y Habilitaci\u00f3n de L\u00ednea de Faenas Sector El \u00c1lamo<\/a><\/h3><\/div><\/article><\/li><li class='wpzoom-blocks_portfolio-block_item wpzoom-blocks_portfolio-block_item-372 wpzoom-blocks_portfolio-block_category-11 has-cover'  data-category='11'><article class='wpzoom-blocks_portfolio-block_item-wrap portfolio_item'><div class='wpzoom-blocks_portfolio-block_item-thumbnail'>\n\t\t\t\t\t\t<div class='wpzoom-blocks_portfolio-block_item-media'>\n\t\t\t\t\t\t\t<a href='https:\/\/www.inprolec.cl\/?portfolio_item=linea-de-transmision-220-kv-s-e-salar-s-e-calama' title='L\u00ednea de Transmisi\u00f3n 220 kV S\/E Salar \u2013 S\/E Calama' rel='bookmark'><img loading=\"lazy\" decoding=\"async\" width=\"600\" height=\"400\" src=\"https:\/\/www.inprolec.cl\/wp-content\/uploads\/2025\/10\/SalarCalama03-600x400.jpg\" class=\"attachment-portfolio_item-thumbnail size-portfolio_item-thumbnail wp-post-image\" alt=\"\" sizes=\"100vw\" \/><\/a>\n\t\t\t\t\t\t<\/div><div class=\"portfolio-block-entry-thumbnail-popover-content\" data-show-caption=\"\"><span class=\"portfolio_item-title\" style=\"display: none;\"><a href=\"https:\/\/www.inprolec.cl\/?portfolio_item=linea-de-transmision-220-kv-s-e-salar-s-e-calama\" title=\"L\u00ednea de Transmisi\u00f3n 220 kV S\/E Salar \u2013 S\/E Calama\">L\u00ednea de Transmisi\u00f3n 220 kV S\/E Salar \u2013 S\/E Calama<\/a><\/span><\/div><\/div><div class='wpzoom-blocks_portfolio-block_item-details show-title'><h3 class='wpzoom-blocks_portfolio-block_item-title'><a href='https:\/\/www.inprolec.cl\/?portfolio_item=linea-de-transmision-220-kv-s-e-salar-s-e-calama' title='L\u00ednea de Transmisi\u00f3n 220 kV S\/E Salar \u2013 S\/E Calama' rel='bookmark'>L\u00ednea de Transmisi\u00f3n 220 kV S\/E Salar \u2013 S\/E Calama<\/a><\/h3><\/div><\/article><\/li><li class='wpzoom-blocks_portfolio-block_item wpzoom-blocks_portfolio-block_item-370 wpzoom-blocks_portfolio-block_category-18 wpzoom-blocks_portfolio-block_category-11 wpzoom-blocks_portfolio-block_category-20 has-cover'  data-category='18'><article class='wpzoom-blocks_portfolio-block_item-wrap portfolio_item'><div class='wpzoom-blocks_portfolio-block_item-thumbnail'>\n\t\t\t\t\t\t<div class='wpzoom-blocks_portfolio-block_item-media'>\n\t\t\t\t\t\t\t<a href='https:\/\/www.inprolec.cl\/?portfolio_item=proyecto-desarrollo-los-bronces' title='Proyecto Desarrollo Los Bronces' rel='bookmark'><img loading=\"lazy\" decoding=\"async\" width=\"600\" height=\"400\" src=\"https:\/\/www.inprolec.cl\/wp-content\/uploads\/2025\/10\/LosBronces_03-600x400.jpg\" class=\"attachment-portfolio_item-thumbnail size-portfolio_item-thumbnail wp-post-image\" alt=\"\" srcset=\"https:\/\/www.inprolec.cl\/wp-content\/uploads\/2025\/10\/LosBronces_03-600x400.jpg 600w, https:\/\/www.inprolec.cl\/wp-content\/uploads\/2025\/10\/LosBronces_03-1200x800.jpg 1200w\" sizes=\"100vw\" \/><\/a>\n\t\t\t\t\t\t<\/div><div class=\"portfolio-block-entry-thumbnail-popover-content\" data-show-caption=\"\"><span class=\"portfolio_item-title\" style=\"display: none;\"><a href=\"https:\/\/www.inprolec.cl\/?portfolio_item=proyecto-desarrollo-los-bronces\" title=\"Proyecto Desarrollo Los Bronces\">Proyecto Desarrollo Los Bronces<\/a><\/span><\/div><\/div><div class='wpzoom-blocks_portfolio-block_item-details show-title'><h3 class='wpzoom-blocks_portfolio-block_item-title'><a href='https:\/\/www.inprolec.cl\/?portfolio_item=proyecto-desarrollo-los-bronces' title='Proyecto Desarrollo Los Bronces' rel='bookmark'>Proyecto Desarrollo Los Bronces<\/a><\/h3><\/div><\/article><\/li><li class='wpzoom-blocks_portfolio-block_item wpzoom-blocks_portfolio-block_item-368 wpzoom-blocks_portfolio-block_category-11 has-cover'  data-category='11'><article class='wpzoom-blocks_portfolio-block_item-wrap portfolio_item'><div class='wpzoom-blocks_portfolio-block_item-thumbnail'>\n\t\t\t\t\t\t<div class='wpzoom-blocks_portfolio-block_item-media'>\n\t\t\t\t\t\t\t<a href='https:\/\/www.inprolec.cl\/?portfolio_item=linea-de-transmisionlos-vilos-pan-de-azucar-se-las-palmas' title='L\u00ednea de Transmisi\u00f3nLos Vilos &#8211; Pan de Az\u00facar (SE Las Palmas)' rel='bookmark'><img loading=\"lazy\" decoding=\"async\" width=\"480\" height=\"400\" src=\"https:\/\/www.inprolec.cl\/wp-content\/uploads\/2025\/10\/LasPalmas_05-480x400.jpg\" class=\"attachment-portfolio_item-thumbnail size-portfolio_item-thumbnail wp-post-image\" alt=\"\" sizes=\"100vw\" \/><\/a>\n\t\t\t\t\t\t<\/div><div class=\"portfolio-block-entry-thumbnail-popover-content\" data-show-caption=\"\"><span class=\"portfolio_item-title\" style=\"display: none;\"><a href=\"https:\/\/www.inprolec.cl\/?portfolio_item=linea-de-transmisionlos-vilos-pan-de-azucar-se-las-palmas\" title=\"L\u00ednea de Transmisi\u00f3nLos Vilos &#8211; Pan de Az\u00facar (SE Las Palmas)\">L\u00ednea de Transmisi\u00f3nLos Vilos &#8211; Pan de Az\u00facar (SE Las Palmas)<\/a><\/span><\/div><\/div><div class='wpzoom-blocks_portfolio-block_item-details show-title'><h3 class='wpzoom-blocks_portfolio-block_item-title'><a href='https:\/\/www.inprolec.cl\/?portfolio_item=linea-de-transmisionlos-vilos-pan-de-azucar-se-las-palmas' title='L\u00ednea de Transmisi\u00f3nLos Vilos &#8211; Pan de Az\u00facar (SE Las Palmas)' rel='bookmark'>L\u00ednea de Transmisi\u00f3nLos Vilos &#8211; Pan de Az\u00facar (SE Las Palmas)<\/a><\/h3><\/div><\/article><\/li><li class=\"wpzoom-preloader-container\"><div class=\"wpzoom-portfolio-preloader\"><svg  width=\"75\" version=\"1.1\" id=\"L4\" xmlns=\"http:\/\/www.w3.org\/2000\/svg\" xmlns:xlink=\"http:\/\/www.w3.org\/1999\/xlink\" x=\"0px\" y=\"0px\" viewBox=\"0 0 100 100\" enable-background=\"new 0 0 0 0\" xml:space=\"preserve\">\n\t\t  <circle fill=\"#ffffff\" stroke=\"none\" cx=\"6\" cy=\"50\" r=\"6\"><animate attributeName=\"opacity\" dur=\"1s\" values=\"0;1;0\" repeatCount=\"indefinite\" begin=\"0.1\"\/><\/circle>\n\t\t  <circle fill=\"#ffffff\" stroke=\"none\" cx=\"26\" cy=\"50\" r=\"6\"><animate attributeName=\"opacity\" dur=\"1s\" values=\"0;1;0\" repeatCount=\"indefinite\" begin=\"0.2\"\/><\/circle>\n\t\t  <circle fill=\"#ffffff\" stroke=\"none\" cx=\"46\" cy=\"50\" r=\"6\"><animate attributeName=\"opacity\" dur=\"1s\" values=\"0;1;0\" repeatCount=\"indefinite\" begin=\"0.3\"\/><\/circle>\n\t\t<\/svg><\/div><\/li><\/ul><div class=\"wpzoom-blocks wpzoom-blocks_portfolio-block_show-more-view-all-wrap single-button\">\n\t\t\t<div class=\"wpzoom-blocks wpzoom-blocks_portfolio-block_show-more\">\n\t\t\t<a href=\"#\" title=\"Show more portfolio items\" class=\"wpz-portfolio-button__link\">Load More&#8230;<\/a>\n\t\t<\/div>\n\t\t\t\n\t\t<\/div><\/div><!--.wpzoom-blocks wpzoom-blocks_portfolio-block--><style>.wpzoom-blocks_portfolio-block.wpzoom-portfolio-block-69f5f3c4acd14 {}.wpzoom-blocks_portfolio-block.wpzoom-portfolio-block-69f5f3c4acd14 { color:#000}.wpzoom-blocks_portfolio-block.wpzoom-portfolio-block-69f5f3c4acd14 .wpzoom-blocks_portfolio-block_filter ul li a,\n\t\t\t.wpzoom-blocks_portfolio-block.wpzoom-portfolio-block-69f5f3c4acd14.layout-list .wpzoom-blocks_portfolio-block_items-list .wpzoom-blocks_portfolio-block_item .wpzoom-blocks_portfolio-block_item-title a {\n\t\t\t\tcolor:#ffffff;\n\t\t\t}.wpzoom-blocks_portfolio-block.wpzoom-portfolio-block-69f5f3c4acd14 .wpzoom-blocks_portfolio-block_filter ul li a:hover,\n\t\t\t\t.wpzoom-blocks_portfolio-block.wpzoom-portfolio-block-69f5f3c4acd14 .wpzoom-blocks_portfolio-block_filter ul li.current-cat a:hover,\n\t\t\t\t.wpzoom-blocks_portfolio-.wpzoom-portfolio-block-69f5f3c4acd14.layout-list .wpzoom-blocks_portfolio-block_items-list .wpzoom-blocks_portfolio-block_item .wpzoom-blocks_portfolio-block_item-title a:hover {\n\t\t\t\t\tcolor:#a5cf00;\n\t\t\t\t}.wpzoom-blocks_portfolio-block.wpzoom-portfolio-block-69f5f3c4acd14 .wpzoom-blocks_portfolio-block_filter ul li.current-cat a { color:#a5cf00; }.wpzoom-blocks_portfolio-block.wpzoom-portfolio-block-69f5f3c4acd14 .wpzoom-blocks_portfolio-block_filter ul li a {font-weight: 400 !important;letter-spacing: 0px;}.wpzoom-blocks_portfolio-block.wpzoom-portfolio-block-69f5f3c4acd14 .wpzoom-blocks_portfolio-block_item-details .wpzoom-blocks_portfolio-block_item-title a {line-height: 1.2;font-weight: 500 !important;letter-spacing: 1px;}.wpzoom-blocks_portfolio-block.wpzoom-portfolio-block-69f5f3c4acd14 .wpzoom-blocks_portfolio-block_item-details .wpzoom-blocks_portfolio-block_item-title:hover a { color:#a5cf00 !important;}.wpzoom-blocks_portfolio-block.wpzoom-portfolio-block-69f5f3c4acd14 .wpz-portfolio-button__link {letter-spacing: 1px;border-style:solid;border-width:0px;}.wpzoom-blocks_portfolio-block.wpzoom-portfolio-block-69f5f3c4acd14 .wpzoom-blocks_portfolio-block_items-list { grid-gap:10px; }.wpzoom-blocks_portfolio-block.wpzoom-portfolio-block-69f5f3c4acd14.layout-masonry.columns-3 .wpzoom-blocks_portfolio-block_items-list .wpzoom-blocks_portfolio-block_item { width: calc(33.333% - 10px); margin:0 10px 10px 0}<\/style><\/div>\n<\/div>\n\n\n\n<div class=\"wp-block-group alignfull has-lightgrey-background-color has-background has-global-padding is-layout-constrained wp-block-group-is-layout-constrained\" id=\"TheIngelecGroup\">\n<h1 class=\"wp-block-heading has-text-align-center\">The Ingelec Group<\/h1>\n\n\n\n<p>Contenido del grupo 2<\/p>\n<\/div>\n\n\n\n<p><\/p>\n","protected":false},"excerpt":{"rendered":"<p>Quienes Somos Somos una empresa que desarrolla soluciones integrales orientadas a satisfacer las necesidades del mercado el\u00e9ctrico en Chile. Contamos con una amplia trayectoria en el desarrollo de proyectos para la industria, que se inician en la etapa de ingenier\u00eda, pasando por equipamiento, construcci\u00f3n, comisionamiento, puesta en servicio, operaci\u00f3n y mantenimiento de proyectos el\u00e9ctricos. Nuestra &hellip; <\/p>\n<p class=\"link-more\"><a href=\"https:\/\/www.inprolec.cl\/\" class=\"more-link\">Leer m\u00e1s<span class=\"screen-reader-text\"> \u201cI001_01\u201d<\/span><\/a><\/p>\n","protected":false},"author":1,"featured_media":0,"parent":0,"menu_order":0,"comment_status":"closed","ping_status":"closed","template":"page-templates\/full-width-no-title.php","meta":{"footnotes":""},"class_list":["post-69","page","type-page","status-publish","hentry"],"featured_media_urls":[],"_links":{"self":[{"href":"https:\/\/www.inprolec.cl\/index.php?rest_route=\/wp\/v2\/pages\/69","targetHints":{"allow":["GET"]}}],"collection":[{"href":"https:\/\/www.inprolec.cl\/index.php?rest_route=\/wp\/v2\/pages"}],"about":[{"href":"https:\/\/www.inprolec.cl\/index.php?rest_route=\/wp\/v2\/types\/page"}],"author":[{"embeddable":true,"href":"https:\/\/www.inprolec.cl\/index.php?rest_route=\/wp\/v2\/users\/1"}],"replies":[{"embeddable":true,"href":"https:\/\/www.inprolec.cl\/index.php?rest_route=%2Fwp%2Fv2%2Fcomments&post=69"}],"version-history":[{"count":244,"href":"https:\/\/www.inprolec.cl\/index.php?rest_route=\/wp\/v2\/pages\/69\/revisions"}],"predecessor-version":[{"id":730,"href":"https:\/\/www.inprolec.cl\/index.php?rest_route=\/wp\/v2\/pages\/69\/revisions\/730"}],"wp:attachment":[{"href":"https:\/\/www.inprolec.cl\/index.php?rest_route=%2Fwp%2Fv2%2Fmedia&parent=69"}],"curies":[{"name":"wp","href":"https:\/\/api.w.org\/{rel}","templated":true}]}}